{"id":70,"date":"2024-09-21T13:54:05","date_gmt":"2024-09-21T13:54:05","guid":{"rendered":"https:\/\/www.presepeoliveto.it\/?page_id=70"},"modified":"2024-12-14T20:59:04","modified_gmt":"2024-12-14T20:59:04","slug":"storia-di-oliveto-2","status":"publish","type":"page","link":"https:\/\/www.presepeoliveto.it\/en\/storia-di-oliveto-2\/","title":{"rendered":"History of Oliveto"},"content":{"rendered":"<div class=\"wp-block-columns is-layout-flex wp-container-core-columns-is-layout-8f761849 wp-block-columns-is-layout-flex\">\n<div class=\"wp-block-column is-layout-flow wp-block-column-is-layout-flow\" style=\"flex-basis:66.66%\">\n<p class=\"wp-block-paragraph\">Il caratteristico borgo \u00e8 ubicato sul versante meridionale della collina che dal poggio di Civitella si protende verso sud-est tra i torrenti Leprone e Gargaiolo. <\/p>\n\n\n\n<p class=\"wp-block-paragraph\">L&#8217;antico Castello di Oliveto, possesso dei Sassoli e degli Ubertini, venne distrutto dal vescovo Guido Tarlati nel 1318. La cinta muraria del nuovo castello risale alla met\u00e0 del XIV secolo e venne potenziata dai fiorentini dopo l&#8217;annessione di Arezzo del 1384. <\/p>\n\n\n\n<p class=\"wp-block-paragraph\">Nel 1431 Oliveto venne espugnato da Niccol\u00f2 Piccinino, e a met\u00e0 del Cinquecento sub\u00ec un saccheggio ad opera delle truppe di Piero Strozzi, dirette verso la sconfitta di Scannagallo. Il piccolo comune di Oliveto cess\u00f2 di essere autonomo nel 1774 con l&#8217;annessione a Civitella. <\/p>\n\n\n\n<p class=\"wp-block-paragraph\">L&#8217;abitato, nonostante siano pochi i tratti di mura di epo\u00adca medioevale rimasti intatti, ha conservato la tondeg\u00adgiante forma originaria con le due porte collegate ester\u00adnamente a semicerchio da via delle Scuole. <\/p>\n\n\n\n<p class=\"wp-block-paragraph\">Da segnala\u00adre, fuori le mura del paese, prima del cimitero, il piccolo Oratorio di S. Rocco costruito nel XIX secolo su un antico tabernacolo dedicato alla Vergine. La Porta Nord era difesa da un cassero proteso in avanti con un torrione angolare ancora ben conservato. Entran\u00addo da questo accesso si trova sulla sinistra il parco recin\u00adtato di Villa Barbolani da Montauto, dentro al quale \u00e8 visibile un tratto delle antiche mura, digradante fino a un baluardo a torre con basamento a scarpa.<\/p>\n<\/div>\n\n\n\n<div class=\"wp-block-column is-layout-flow wp-block-column-is-layout-flow\" style=\"flex-basis:33.33%\">\n<figure class=\"wp-block-image size-full\"><img width=\"453\" height=\"664\" decoding=\"async\" loading=\"lazy\" src=\"https:\/\/www.presepeoliveto.it\/wp-content\/uploads\/2024\/11\/image.png\" alt=\"\" class=\"wp-image-286\" srcset=\"https:\/\/www.presepeoliveto.it\/wp-content\/uploads\/2024\/11\/image.png 453w, https:\/\/www.presepeoliveto.it\/wp-content\/uploads\/2024\/11\/image-205x300.png 205w\" sizes=\"auto, (max-width: 453px) 100vw, 453px\" \/><\/figure>\n\n\n\n<p class=\"wp-block-paragraph\"><em>Porta a sud del borgo con vista sulla Valdichiana.<\/em><\/p>\n\n\n\n<p class=\"wp-block-paragraph\"><em>Il borgo di Oliveto. A destra la seicentesca Villa Barbolani da Montauto con volumetria compatta, distribuita su tre livelli e sobrie finiture in pietra serena delle aperture e delle murature angolari. Il prospetto principale si affaccia su un cortile posto in continuit\u00e0 con il parco.<\/em><\/p>\n<\/div>\n<\/div>\n\n\n\n<div class=\"wp-block-columns is-layout-flex wp-container-core-columns-is-layout-8f761849 wp-block-columns-is-layout-flex\">\n<div class=\"wp-block-column is-layout-flow wp-block-column-is-layout-flow\">\n<figure class=\"wp-block-image size-large\"><img width=\"1024\" height=\"597\" decoding=\"async\" loading=\"lazy\" src=\"https:\/\/www.presepeoliveto.it\/wp-content\/uploads\/2024\/11\/image-1-1024x597.png\" alt=\"\" class=\"wp-image-288\" srcset=\"https:\/\/www.presepeoliveto.it\/wp-content\/uploads\/2024\/11\/image-1-1024x597.png 1024w, https:\/\/www.presepeoliveto.it\/wp-content\/uploads\/2024\/11\/image-1-300x175.png 300w, https:\/\/www.presepeoliveto.it\/wp-content\/uploads\/2024\/11\/image-1-768x448.png 768w, https:\/\/www.presepeoliveto.it\/wp-content\/uploads\/2024\/11\/image-1-1536x895.png 1536w, https:\/\/www.presepeoliveto.it\/wp-content\/uploads\/2024\/11\/image-1-600x350.png 600w, https:\/\/www.presepeoliveto.it\/wp-content\/uploads\/2024\/11\/image-1-1200x699.png 1200w, https:\/\/www.presepeoliveto.it\/wp-content\/uploads\/2024\/11\/image-1.png 1620w\" sizes=\"auto, (max-width: 767px) 89vw, (max-width: 1000px) 54vw, (max-width: 1071px) 543px, 580px\" \/><\/figure>\n<\/div>\n<\/div>\n\n\n\n<div class=\"wp-block-columns is-layout-flex wp-container-core-columns-is-layout-8f761849 wp-block-columns-is-layout-flex\">\n<div class=\"wp-block-column is-layout-flow wp-block-column-is-layout-flow\" style=\"flex-basis:33.33%\">\n<figure class=\"wp-block-image size-full\"><img width=\"480\" height=\"630\" decoding=\"async\" loading=\"lazy\" src=\"https:\/\/www.presepeoliveto.it\/wp-content\/uploads\/2024\/11\/image-2.png\" alt=\"\" class=\"wp-image-290\" srcset=\"https:\/\/www.presepeoliveto.it\/wp-content\/uploads\/2024\/11\/image-2.png 480w, https:\/\/www.presepeoliveto.it\/wp-content\/uploads\/2024\/11\/image-2-229x300.png 229w\" sizes=\"auto, (max-width: 480px) 100vw, 480px\" \/><\/figure>\n\n\n\n<p class=\"wp-block-paragraph\"><em>In quest&#8217;opera di Enzo Scatragli la Madonna del Conforto \u00e8 circondata da varie raffigurazioni della Diocesi di Arezzo, Cortona e Sansepolcro. In basso, raffigurazioni di santi: S.Margherita da Cortona (a sinistra), S. Donato martire (al centro), S. Giovanni evangelista (a destra).<\/em><\/p>\n\n\n\n<p class=\"wp-block-paragraph\"><em>Piazza della Chiesa di Sant&#8217;Andrea.<\/em><\/p>\n\n\n\n<p class=\"wp-block-paragraph\"><\/p>\n\n\n\n<p class=\"wp-block-paragraph\"><em>Opera dell&#8217;artista aretino Franco Fedeli la cui pittura si ispira ai modelli di H. Bosch, EI Greco e F. Goya.<\/em><\/p>\n\n\n\n<figure class=\"wp-block-image size-full\"><img width=\"452\" height=\"625\" decoding=\"async\" loading=\"lazy\" src=\"https:\/\/www.presepeoliveto.it\/wp-content\/uploads\/2024\/11\/image-4.png\" alt=\"\" class=\"wp-image-292\" srcset=\"https:\/\/www.presepeoliveto.it\/wp-content\/uploads\/2024\/11\/image-4.png 452w, https:\/\/www.presepeoliveto.it\/wp-content\/uploads\/2024\/11\/image-4-217x300.png 217w\" sizes=\"auto, (max-width: 452px) 100vw, 452px\" \/><\/figure>\n<\/div>\n\n\n\n<div class=\"wp-block-column is-layout-flow wp-block-column-is-layout-flow\" style=\"flex-basis:66.66%\">\n<figure class=\"wp-block-image size-large\"><img width=\"766\" height=\"1024\" decoding=\"async\" loading=\"lazy\" src=\"https:\/\/www.presepeoliveto.it\/wp-content\/uploads\/2024\/11\/image-3-766x1024.png\" alt=\"\" class=\"wp-image-291\" srcset=\"https:\/\/www.presepeoliveto.it\/wp-content\/uploads\/2024\/11\/image-3-766x1024.png 766w, https:\/\/www.presepeoliveto.it\/wp-content\/uploads\/2024\/11\/image-3-224x300.png 224w, https:\/\/www.presepeoliveto.it\/wp-content\/uploads\/2024\/11\/image-3-768x1026.png 768w, https:\/\/www.presepeoliveto.it\/wp-content\/uploads\/2024\/11\/image-3-600x802.png 600w, https:\/\/www.presepeoliveto.it\/wp-content\/uploads\/2024\/11\/image-3.png 981w\" sizes=\"auto, (max-width: 706px) 89vw, (max-width: 767px) 82vw, 740px\" \/><\/figure>\n\n\n\n<p class=\"wp-block-paragraph\">Proseguendo lungo corso Roma si giunge all&#8217;incrocio tra gli assi longitudinale e trasversale; quest&#8217;ultimo conduce a piazza della Chiesa, sulla quale, oltre all&#8217;edificio religioso,<br>c&#8217;\u00e8 un pozzo. <\/p>\n\n\n\n<p class=\"wp-block-paragraph\">La Chiesa di Sant&#8217;Andrea, la cui struttura \u00e8 probabilmente antecedente il XIV secolo, presenta la fac\u00adciata e il campanile in pietra rifatti in stile neomedioevale nel 1933. L&#8217;interno sorprende per le varie opere d&#8217;arte custodite: sulla parete destra una tela di<strong> Franco Fedeli;<\/strong><br>sopra l&#8217;altare successivo una tela con la <em>Madonna del Rosario<\/em> di<strong> Orazio Porta;<\/strong> dietro l&#8217;altare un&#8217;opera di<strong> Enzo Scatragli;<\/strong> esposto sopra l&#8217;altare di sinistra un tabernaco\u00adlo risalente al Cinquecento, recentemente ritrovato.<\/p>\n\n\n\n<p class=\"wp-block-paragraph\">Dirigendosi verso l&#8217;accesso rivolto a levante si nota immediatamente la Cappella della Chiesa della Compagnia, ricostruita nel XVII secolo, restaurata e dai colori originali rinfrescati. Tratti dell&#8217;antica cinta muraria sono visibili nel Parco della ex Villa Mazzi, pregevole edificio risalente al XVII secolo. La villa fu usata durante l&#8217;ultimo conflitto mondiale come campo di internamento per ebrei, ed \u00e8 ora sede del Centro di Documentazione sui Campi di Concentramento &#8220;Villa Oliveto&#8221;.<\/p>\n<\/div>\n<\/div>\n\n\n\n<div class=\"wp-block-columns is-layout-flex wp-container-core-columns-is-layout-8f761849 wp-block-columns-is-layout-flex\">\n<div class=\"wp-block-column is-layout-flow wp-block-column-is-layout-flow\" style=\"flex-basis:66.66%\">\n<figure class=\"wp-block-image size-large\"><img width=\"766\" height=\"1024\" decoding=\"async\" loading=\"lazy\" src=\"https:\/\/www.presepeoliveto.it\/wp-content\/uploads\/2024\/11\/image-5-766x1024.png\" alt=\"\" class=\"wp-image-294\" srcset=\"https:\/\/www.presepeoliveto.it\/wp-content\/uploads\/2024\/11\/image-5-766x1024.png 766w, https:\/\/www.presepeoliveto.it\/wp-content\/uploads\/2024\/11\/image-5-224x300.png 224w, https:\/\/www.presepeoliveto.it\/wp-content\/uploads\/2024\/11\/image-5-768x1026.png 768w, https:\/\/www.presepeoliveto.it\/wp-content\/uploads\/2024\/11\/image-5-600x802.png 600w, https:\/\/www.presepeoliveto.it\/wp-content\/uploads\/2024\/11\/image-5.png 981w\" sizes=\"auto, (max-width: 706px) 89vw, (max-width: 767px) 82vw, 740px\" \/><\/figure>\n<\/div>\n\n\n\n<div class=\"wp-block-column is-layout-flow wp-block-column-is-layout-flow\" style=\"flex-basis:33.33%\">\n<figure class=\"wp-block-image size-full\"><img width=\"474\" height=\"864\" decoding=\"async\" loading=\"lazy\" src=\"https:\/\/www.presepeoliveto.it\/wp-content\/uploads\/2024\/11\/image-6.png\" alt=\"\" class=\"wp-image-295\" srcset=\"https:\/\/www.presepeoliveto.it\/wp-content\/uploads\/2024\/11\/image-6.png 474w, https:\/\/www.presepeoliveto.it\/wp-content\/uploads\/2024\/11\/image-6-165x300.png 165w\" sizes=\"auto, (max-width: 474px) 100vw, 474px\" \/><\/figure>\n\n\n\n<p class=\"wp-block-paragraph\"><em>Tabernacolo (XVI sec.)<\/em>.<\/p>\n\n\n\n<p class=\"wp-block-paragraph\"><em>Madonna del Rosario (seconda met\u00e0 XVI sec.), <strong>Orazio Porta<\/strong><\/em>.<\/p>\n<\/div>\n<\/div>\n\n\n\n<div class=\"wp-block-columns is-layout-flex wp-container-core-columns-is-layout-8f761849 wp-block-columns-is-layout-flex\">\n<div class=\"wp-block-column is-layout-flow wp-block-column-is-layout-flow\" style=\"flex-basis:66.66%\">\n<figure class=\"wp-block-image size-full\"><img width=\"990\" height=\"660\" decoding=\"async\" loading=\"lazy\" src=\"https:\/\/www.presepeoliveto.it\/wp-content\/uploads\/2024\/11\/image-7.png\" alt=\"\" class=\"wp-image-296\" srcset=\"https:\/\/www.presepeoliveto.it\/wp-content\/uploads\/2024\/11\/image-7.png 990w, https:\/\/www.presepeoliveto.it\/wp-content\/uploads\/2024\/11\/image-7-300x200.png 300w, https:\/\/www.presepeoliveto.it\/wp-content\/uploads\/2024\/11\/image-7-768x512.png 768w, https:\/\/www.presepeoliveto.it\/wp-content\/uploads\/2024\/11\/image-7-600x400.png 600w\" sizes=\"auto, (max-width: 767px) 89vw, (max-width: 1000px) 54vw, (max-width: 1071px) 543px, 580px\" \/><\/figure>\n\n\n\n<p class=\"has-text-align-center wp-block-paragraph\"><em>Cappella della Chiesa della Compagnia<\/em>.<\/p>\n<\/div>\n\n\n\n<div class=\"wp-block-column is-layout-flow wp-block-column-is-layout-flow\" style=\"flex-basis:33.33%\">\n<figure class=\"wp-block-image size-full is-resized\"><img width=\"480\" height=\"666\" decoding=\"async\" loading=\"lazy\" src=\"https:\/\/www.presepeoliveto.it\/wp-content\/uploads\/2024\/11\/image-9.png\" alt=\"\" class=\"wp-image-299\" style=\"width:200px;height:auto\" srcset=\"https:\/\/www.presepeoliveto.it\/wp-content\/uploads\/2024\/11\/image-9.png 480w, https:\/\/www.presepeoliveto.it\/wp-content\/uploads\/2024\/11\/image-9-216x300.png 216w\" sizes=\"auto, (max-width: 480px) 100vw, 480px\" \/><\/figure>\n\n\n\n<p class=\"wp-block-paragraph\"><em>Crocifisso posto all&#8217;interno dell&#8217;Oratorio di Albergo<\/em>.<\/p>\n<\/div>\n<\/div>\n\n\n\n<div class=\"wp-block-columns is-layout-flex wp-container-core-columns-is-layout-8f761849 wp-block-columns-is-layout-flex\">\n<div class=\"wp-block-column is-layout-flow wp-block-column-is-layout-flow\">\n<p class=\"wp-block-paragraph\"><strong>ESCURSIONI<\/strong><\/p>\n\n\n\n<p class=\"wp-block-paragraph\"><strong>1\u00b0 itinerario:<\/strong><\/p>\n\n\n\n<p class=\"wp-block-paragraph\"><strong>i nuclei di collina<\/strong><\/p>\n\n\n\n<p class=\"wp-block-paragraph\">Tuori &#8211; Dorna &#8211; Oliveto &#8211; Ciggiano &#8211; Cornia &#8211; Gaenne.<\/p>\n\n\n\n<p class=\"wp-block-paragraph\">Percorso: circa 40 km. Da fare in auto e a piedi poich\u00e9 non tutte le localit\u00e0 sono raggiungibili con strade carreggiabili e asfaltate. Si pu\u00f2 dedicare all&#8217;escursione un&#8217;intera giornata.<\/p>\n\n\n\n<p class=\"wp-block-paragraph\"><strong>Tuori \u00e8 <\/strong>un antico borgo di origine medioevale appartenente al piviere di S. Maria al Toppo. Sono ancora visibili i resti delle antiche fortificazioni. Visitabile la Chiesa dei Santi Giorgio e Luca, del XIII secolo. Nei pressi di Tuori, in localit\u00e0 Sasso Saracino, \u00e8 possibile vedere una bella casa colonica, fabbricata nel XVI secolo dalla Fraternita dei Laici di Arezzo.<\/p>\n\n\n\n<p class=\"wp-block-paragraph\"><strong>Dorna, <\/strong>invece, \u00e8 un piccolo abitato che fu insediamento longobardo. La parte pi\u00f9 antica attualmente rimasta integra \u00e8 la torre, ricordata nei documenti fin dal 1198, collocata al centro dell&#8217;abitato colonico nel quale si trova la bellissima fattoria del XVIII secolo. All&#8217;interno del nucleo medioevale di <strong>Oliveto <\/strong>sono da visitare la Chiesa di Sant&#8217;Andrea, databile in un periodo precedente il Trecento, la Cappella della Chiesa della Compagnia, rifatta nel XVII secolo e, fuori le mura del paese, l&#8217;Oratorio di S. Rocco. Da Oliveto si giunge a <strong>Ciggiano. <\/strong>Interessante la passeggiata per le vie del piccolo centro. Da vedere la Chiesa di S. Biagio, dove, oltre al bell&#8217;altare Mazzeschi della met\u00e0 del Seicento, spicca la pregevole statua di <em>Santa Maria Maddalena <\/em>di <strong>Andrea Sansovino. <\/strong>Indispensabile una sosta nel piccolo nucleo di <strong>Cornia, <\/strong>posto a circa 560 m di altitudine, dove esisteva un centro per la lavorazione delle scope di saggina. In mezzo al bosco, e raggiungibile a piedi attraverso un sentiero, \u00e8 l&#8217;Oratorio di S. Maria Maddalena a Vallebuona.<\/p>\n\n\n\n<p class=\"wp-block-paragraph\"><\/p>\n<\/div>\n\n\n\n<div class=\"wp-block-column is-layout-flow wp-block-column-is-layout-flow\">\n<figure class=\"wp-block-image size-full\"><img width=\"486\" height=\"687\" decoding=\"async\" loading=\"lazy\" src=\"https:\/\/www.presepeoliveto.it\/wp-content\/uploads\/2024\/11\/image-10.png\" alt=\"\" class=\"wp-image-300\" srcset=\"https:\/\/www.presepeoliveto.it\/wp-content\/uploads\/2024\/11\/image-10.png 486w, https:\/\/www.presepeoliveto.it\/wp-content\/uploads\/2024\/11\/image-10-212x300.png 212w\" sizes=\"auto, (max-width: 486px) 100vw, 486px\" \/><\/figure>\n\n\n\n<p class=\"wp-block-paragraph\"><em>Tuori. Chiesa dei Santi Giorgio e Luca (XIII sec.).<\/em><\/p>\n\n\n\n<figure class=\"wp-block-image size-full\"><img width=\"489\" height=\"690\" decoding=\"async\" loading=\"lazy\" src=\"https:\/\/www.presepeoliveto.it\/wp-content\/uploads\/2024\/11\/image-11.png\" alt=\"\" class=\"wp-image-301\" srcset=\"https:\/\/www.presepeoliveto.it\/wp-content\/uploads\/2024\/11\/image-11.png 489w, https:\/\/www.presepeoliveto.it\/wp-content\/uploads\/2024\/11\/image-11-213x300.png 213w\" sizes=\"auto, (max-width: 489px) 100vw, 489px\" \/><\/figure>\n\n\n\n<p class=\"wp-block-paragraph\"><em>Oliveto. Porta nord difesa da un cassero proteso in avanti con un torrione angolare ancora ben conservato.<\/em><\/p>\n\n\n\n<figure class=\"wp-block-image size-full\"><img width=\"483\" height=\"687\" decoding=\"async\" loading=\"lazy\" src=\"https:\/\/www.presepeoliveto.it\/wp-content\/uploads\/2024\/11\/image-13.png\" alt=\"\" class=\"wp-image-303\" srcset=\"https:\/\/www.presepeoliveto.it\/wp-content\/uploads\/2024\/11\/image-13.png 483w, https:\/\/www.presepeoliveto.it\/wp-content\/uploads\/2024\/11\/image-13-211x300.png 211w\" sizes=\"auto, (max-width: 483px) 100vw, 483px\" \/><\/figure>\n\n\n\n<p class=\"wp-block-paragraph\"><em>Oratorio di S. Rocco (XIX sec.) costruito su un antico tabernacolo dedicato alla Vergine,<br>presso Oliveto.<\/em><\/p>\n<\/div>\n<\/div>\n\n\n\n<figure class=\"wp-block-image size-full\"><img width=\"952\" height=\"539\" decoding=\"async\" loading=\"lazy\" src=\"https:\/\/www.presepeoliveto.it\/wp-content\/uploads\/2024\/11\/image-14.png\" alt=\"\" class=\"wp-image-306\" srcset=\"https:\/\/www.presepeoliveto.it\/wp-content\/uploads\/2024\/11\/image-14.png 952w, https:\/\/www.presepeoliveto.it\/wp-content\/uploads\/2024\/11\/image-14-300x170.png 300w, https:\/\/www.presepeoliveto.it\/wp-content\/uploads\/2024\/11\/image-14-768x435.png 768w, https:\/\/www.presepeoliveto.it\/wp-content\/uploads\/2024\/11\/image-14-600x340.png 600w\" sizes=\"auto, (max-width: 767px) 89vw, (max-width: 1000px) 54vw, (max-width: 1071px) 543px, 580px\" \/><\/figure>\n\n\n\n<p class=\"wp-block-paragraph\"><em>Dorna, fattoria del XVIII secolo.<\/em><\/p>\n\n\n\n<div class=\"wp-block-columns is-layout-flex wp-container-core-columns-is-layout-8f761849 wp-block-columns-is-layout-flex\">\n<div class=\"wp-block-column is-layout-flow wp-block-column-is-layout-flow\">\n<p class=\"wp-block-paragraph\">Il percorso continua verso Civitella, da dove ci si immette nella provinciale e si scende sino all&#8217;incrocio, dopo il cimitero, incontrando l&#8217;Oratorio della Madonna di Mercatale. <strong>Gaenne <\/strong>\u00e8 un toponimo di origine etrusca; nel VI secolo divenne il sito di un fortilizio bizantino. Nel Mille era, invece, di propriet\u00e0 dei longobardi di Dorna e successivamente pass\u00f2 ai Tarlati di Arezzo. Nel 1385 fin\u00ec sotto il dominio di Firenze che ne ordin\u00f2 la distruzione. Ne restano oggi soltanto le rovine che meritano di essere visitate, anche per la bellezza del paesaggio che le circonda.<\/p>\n\n\n\n<p class=\"wp-block-paragraph\"><strong>2\u00b0 itinerario:<\/strong><\/p>\n\n\n\n<p class=\"wp-block-paragraph\"><strong>i nuclei di piano<\/strong> <\/p>\n\n\n\n<p class=\"wp-block-paragraph\">Pieve al Toppo &#8211; Tegoleto -Spoiano &#8211; Albergo &#8211; Badia al Pino &#8211; Viciomaggio. <\/p>\n\n\n\n<p class=\"wp-block-paragraph\">Percorso: circa 22 km da percorrere in auto. Complessivamente \u00e8 sufficiente mezza giornata. Il toponimo di <strong>Pieve al Toppo <\/strong>\u00e8 quasi sicuramente di origine longobarda. La Pieve paleocristiana, verso la met\u00e0 del &#8216;400, si trovava in abbandono e cos\u00ec venne unita alla Chiesa di S. Andrea di Oliveto. Sembra sia stata distrutta, assieme all&#8217;annesso ospedale, nel 1502. Sul suo sito venne costruito un oratorio nei primi anni del XVI secolo, restaurato dopo il 1527. A partire dal 1906 l&#8217;oratorio fu dedicato alla Madonna del Conforto. Nei pressi di Pieve al Toppo \u00e8 da segnalare l&#8217;imponente complesso colonico di Mugliano, la cui origine romana \u00e8 confermata da numerosi ritrovamenti di una grandiosa villa di cui si riconoscono colonne di granito e frammenti di marmo. L&#8217;attuale edificio rurale \u00e8 stato costruito nel XVIII secolo, durante il periodo delle bonifiche. Da Pieve al Toppo si giunge in breve a <strong>Tegoleto. <\/strong><\/p>\n\n\n\n<p class=\"wp-block-paragraph\">La &#8220;corte di Tegoleto&#8221; risale intorno all&#8217;anno 1000 e conserva la torre medioevale, unica testimonianza delle strutture difensive dell&#8217;abitato, pi\u00f9 volte ristrutturata. Dell&#8217;antica Chiesa di S. Biagio, gi\u00e0 arrocchia nel X secolo, non rimangono che poche tracce dell&#8217;abside romanica. Desta interesse, dal punto di vista architettonico, l&#8217;edificio della fattoria di Tegoleto di origini seicentesche.<\/p>\n\n\n\n<p class=\"wp-block-paragraph\"><strong>Spoiano <\/strong>\u00e8 un interessante nucleo rurale di origine romana trasformatosi nel XVIII secolo in fattoria e villa padronale (Villa Pecchioli). Situato su una delle dolci ondulazioni che caratterizzano questa splendida parte della Valdichiana, presenta al suo interno, oltre ad una cisterna per la raccolta delle acque piovane, anche un&#8217;antica chiesetta ad aula unica. <\/p>\n\n\n\n<p class=\"wp-block-paragraph\">Nel nucleo di <strong>Albergo, <\/strong>antico borgo probabilmente di origine romana, sorgeva un ospedale per viandanti e malati. Da Albergo passava una <em>Via Municipalis <\/em>romana che si univa ad un ramo dell&#8217;importante via Cassia per il Valdarno. <\/p>\n\n\n\n<p class=\"wp-block-paragraph\"><strong>Badia al Pino <\/strong>\u00e8 un paese di origini antiche, visto che la sua chiesa, S. Bartolomeo, \u00e8 ricordata gi\u00e0 nel X secolo. Nel 1384 divenne feudo di Giovanni Acuto, capitano di ventura di origine anglosassone. Interessante il borgo, dove attualmente sono visibili i resti della porta e di una torre dell&#8217;antico castello, sviluppatosi intorno all&#8217;Abbazia del Pino.<\/p>\n<\/div>\n<\/div>\n\n\n\n<figure class=\"wp-block-image size-large\"><img width=\"789\" height=\"1024\" decoding=\"async\" loading=\"lazy\" src=\"https:\/\/www.presepeoliveto.it\/wp-content\/uploads\/2024\/11\/image-15-789x1024.png\" alt=\"\" class=\"wp-image-307\" srcset=\"https:\/\/www.presepeoliveto.it\/wp-content\/uploads\/2024\/11\/image-15-789x1024.png 789w, https:\/\/www.presepeoliveto.it\/wp-content\/uploads\/2024\/11\/image-15-231x300.png 231w, https:\/\/www.presepeoliveto.it\/wp-content\/uploads\/2024\/11\/image-15-768x996.png 768w, https:\/\/www.presepeoliveto.it\/wp-content\/uploads\/2024\/11\/image-15-1184x1536.png 1184w, https:\/\/www.presepeoliveto.it\/wp-content\/uploads\/2024\/11\/image-15-600x778.png 600w, https:\/\/www.presepeoliveto.it\/wp-content\/uploads\/2024\/11\/image-15-1200x1557.png 1200w, https:\/\/www.presepeoliveto.it\/wp-content\/uploads\/2024\/11\/image-15.png 1503w\" sizes=\"auto, (max-width: 767px) 89vw, (max-width: 1000px) 54vw, (max-width: 1071px) 543px, 580px\" \/><\/figure>\n\n\n\n<p class=\"wp-block-paragraph\"><br>Con il trasferimento della sede comunale, divenne un rilevante centro di attivit\u00e0 economiche e di servizio. Si prosegue per <strong>Viciomaggio<\/strong>, ultima tappa dell&#8217;itinerario. Insediamento situato a met\u00e0 strada fra il Castello di Battifolle e quello di Tuori, Viciomaggio (Vicus maius) \u00e8 ricordato in un atto notarile del 1024; il centro ha avuto una funzione essenzialmente agricola.<\/p>\n\n\n\n<p class=\"wp-block-paragraph\">Interessanti nelle vicinanze, sono i borghi medioevali di Malpertuso, Le Fosse e Poggio Castellare, sede di un fortilizio prima bizantino e poi longobardo. Altro antico insediamento nei pressi di Viciomaggio \u00e8 Tribbio; non lontano, in localit\u00e0 Fondaccio, si trova la settecentesca Villa Milioni alla quale \u00e8 annessa una cappella seicentesca sul cui fianco sud si pu\u00f2 vedere il quadrante di un antico orologio.<\/p>\n\n\n\n<div class=\"wp-block-columns is-layout-flex wp-container-core-columns-is-layout-8f761849 wp-block-columns-is-layout-flex\">\n<div class=\"wp-block-column is-layout-flow wp-block-column-is-layout-flow\">\n<figure class=\"wp-block-image size-full\"><img width=\"489\" height=\"648\" decoding=\"async\" loading=\"lazy\" src=\"https:\/\/www.presepeoliveto.it\/wp-content\/uploads\/2024\/11\/image-16.png\" alt=\"\" class=\"wp-image-312\" srcset=\"https:\/\/www.presepeoliveto.it\/wp-content\/uploads\/2024\/11\/image-16.png 489w, https:\/\/www.presepeoliveto.it\/wp-content\/uploads\/2024\/11\/image-16-226x300.png 226w\" sizes=\"auto, (max-width: 489px) 100vw, 489px\" \/><\/figure>\n<\/div>\n\n\n\n<div class=\"wp-block-column is-layout-flow wp-block-column-is-layout-flow\">\n<p class=\"wp-block-paragraph\"><em>Pieve al Toppo. Presso la cappellina \u00e8 un altorilievo in terracotta a ricordo della<br>&#8220;Battaglia&#8221; (giugno 1288), con la vittoria degli aretini sui senesi, opera di don Fortunato Bardelli.<\/em><\/p>\n<\/div>\n<\/div>\n\n\n\n<div class=\"wp-block-columns is-layout-flex wp-container-core-columns-is-layout-8f761849 wp-block-columns-is-layout-flex\">\n<div class=\"wp-block-column is-layout-flow wp-block-column-is-layout-flow\">\n<figure class=\"wp-block-image size-full\"><img width=\"483\" height=\"642\" decoding=\"async\" loading=\"lazy\" src=\"https:\/\/www.presepeoliveto.it\/wp-content\/uploads\/2024\/11\/image-17.png\" alt=\"\" class=\"wp-image-313\" srcset=\"https:\/\/www.presepeoliveto.it\/wp-content\/uploads\/2024\/11\/image-17.png 483w, https:\/\/www.presepeoliveto.it\/wp-content\/uploads\/2024\/11\/image-17-226x300.png 226w\" sizes=\"auto, (max-width: 483px) 100vw, 483px\" \/><\/figure>\n<\/div>\n\n\n\n<div class=\"wp-block-column is-layout-flow wp-block-column-is-layout-flow\">\n<p class=\"wp-block-paragraph\"><em>Tegoleto. La torre facente parte delle strutture difensive dell&#8217;abitato medioevale.<\/em><\/p>\n<\/div>\n<\/div>\n\n\n\n<figure class=\"wp-block-image size-full\"><img width=\"969\" height=\"558\" decoding=\"async\" loading=\"lazy\" src=\"https:\/\/www.presepeoliveto.it\/wp-content\/uploads\/2024\/11\/image-18.png\" alt=\"\" class=\"wp-image-314\" srcset=\"https:\/\/www.presepeoliveto.it\/wp-content\/uploads\/2024\/11\/image-18.png 969w, https:\/\/www.presepeoliveto.it\/wp-content\/uploads\/2024\/11\/image-18-300x173.png 300w, https:\/\/www.presepeoliveto.it\/wp-content\/uploads\/2024\/11\/image-18-768x442.png 768w, https:\/\/www.presepeoliveto.it\/wp-content\/uploads\/2024\/11\/image-18-600x346.png 600w\" sizes=\"auto, (max-width: 767px) 89vw, (max-width: 1000px) 54vw, (max-width: 1071px) 543px, 580px\" \/><\/figure>\n\n\n\n<p class=\"wp-block-paragraph\"><em>Spoiano. La facciata principale di Villa Pecchioli \u00e8 collegata a un edificio agricolo tramite un<br>portale d&#8217;ingresso al cortile, in mattoni, con arco policentrico sorretto da pilastri quadrati. Sul prospetto sud della villa \u00e8 posto un piccolo campanile a vela, dalle forme settecentesche, dietro al quale si trova una grande torre colombaria.<\/em><\/p>\n\n\n\n<div class=\"wp-block-columns is-layout-flex wp-container-core-columns-is-layout-8f761849 wp-block-columns-is-layout-flex\">\n<div class=\"wp-block-column is-layout-flow wp-block-column-is-layout-flow\">\n<p class=\"wp-block-paragraph\"><strong>Muriel Spark<\/strong><\/p>\n\n\n\n<p class=\"wp-block-paragraph\">La scrittrice e poetessa Muriel Sarah Camberg nacque a Edimburgo da padre ebreo e madre cristiana. Nel 1937 spos\u00f2 Sidney Oswald Spark, e lo segu\u00ec in Rhodesia (ora Zimbabwe), dove nacque l&#8217;unico figlio, ma il matrimonio ebbe breve durata e Muriel Spark torn\u00f2 in Gran Bretagna nel 1944. Inizi\u00f2 a scrivere, utilizzando il cognome da sposata, poesie e pezzi di critica letteraria. Nel 1954 si convert\u00ec al cattolicesimo e questo fatto fu elemento fondamentale nel suo divenire una scrittrice di romanzi. Dopo aver vissuto a New York per alcuni anni, Muriel Spark si trasfer\u00ec a Roma, dove incontr\u00f2 Penelope Jardine nel 1968. Nei primi anni settanta le due amiche si sistemarono in Toscana e vissero a <strong>Oliveto<\/strong>, il piccolo borgo del comune di Civitella, del quale, nel 2005, Muriel Spark ottenne la cittadinanza onoraria.<\/p>\n<\/div>\n\n\n\n<div class=\"wp-block-column is-layout-flow wp-block-column-is-layout-flow\">\n<figure class=\"wp-block-image size-large\"><img width=\"1024\" height=\"576\" decoding=\"async\" loading=\"lazy\" src=\"https:\/\/www.presepeoliveto.it\/wp-content\/uploads\/2024\/11\/image-19-1024x576.png\" alt=\"\" class=\"wp-image-316\" srcset=\"https:\/\/www.presepeoliveto.it\/wp-content\/uploads\/2024\/11\/image-19-1024x576.png 1024w, https:\/\/www.presepeoliveto.it\/wp-content\/uploads\/2024\/11\/image-19-300x169.png 300w, https:\/\/www.presepeoliveto.it\/wp-content\/uploads\/2024\/11\/image-19-768x432.png 768w, https:\/\/www.presepeoliveto.it\/wp-content\/uploads\/2024\/11\/image-19-600x338.png 600w, https:\/\/www.presepeoliveto.it\/wp-content\/uploads\/2024\/11\/image-19-1200x675.png 1200w, https:\/\/www.presepeoliveto.it\/wp-content\/uploads\/2024\/11\/image-19.png 1280w\" sizes=\"auto, (max-width: 767px) 89vw, (max-width: 1000px) 54vw, (max-width: 1071px) 543px, 580px\" \/><\/figure>\n\n\n\n<p class=\"has-text-align-center wp-block-paragraph\"><a href=\"https:\/\/it.wikipedia.org\/wiki\/Muriel_Spark\" data-type=\"link\" data-id=\"https:\/\/it.wikipedia.org\/wiki\/Muriel_Spark\"><strong>Muriel Spark<\/strong><\/a><\/p>\n\n\n\n<figure class=\"wp-block-image size-full\"><img width=\"411\" height=\"804\" decoding=\"async\" loading=\"lazy\" src=\"https:\/\/www.presepeoliveto.it\/wp-content\/uploads\/2024\/11\/image-20.png\" alt=\"\" class=\"wp-image-319\" srcset=\"https:\/\/www.presepeoliveto.it\/wp-content\/uploads\/2024\/11\/image-20.png 411w, https:\/\/www.presepeoliveto.it\/wp-content\/uploads\/2024\/11\/image-20-153x300.png 153w\" sizes=\"auto, (max-width: 411px) 100vw, 411px\" \/><\/figure>\n<\/div>\n<\/div>\n\n\n\n<figure class=\"wp-block-image size-full\"><img width=\"999\" height=\"609\" decoding=\"async\" loading=\"lazy\" src=\"https:\/\/www.presepeoliveto.it\/wp-content\/uploads\/2024\/11\/image-21.png\" alt=\"\" class=\"wp-image-320\" srcset=\"https:\/\/www.presepeoliveto.it\/wp-content\/uploads\/2024\/11\/image-21.png 999w, https:\/\/www.presepeoliveto.it\/wp-content\/uploads\/2024\/11\/image-21-300x183.png 300w, https:\/\/www.presepeoliveto.it\/wp-content\/uploads\/2024\/11\/image-21-768x468.png 768w, https:\/\/www.presepeoliveto.it\/wp-content\/uploads\/2024\/11\/image-21-600x366.png 600w\" sizes=\"auto, (max-width: 767px) 89vw, (max-width: 1000px) 54vw, (max-width: 1071px) 543px, 580px\" \/><\/figure>\n\n\n\n<p class=\"wp-block-paragraph\"><em>Resti delle mura castellane di Ciggiano.<\/em><\/p>\n\n\n\n<div class=\"wp-block-columns is-layout-flex wp-container-core-columns-is-layout-8f761849 wp-block-columns-is-layout-flex\">\n<div class=\"wp-block-column is-layout-flow wp-block-column-is-layout-flow\">\n<p class=\"wp-block-paragraph\"><strong>3\u00b0 itinerario:<\/strong><\/p>\n\n\n\n<p class=\"wp-block-paragraph\"><strong>dal Valdarno a Civitella <\/strong><\/p>\n\n\n\n<p class=\"wp-block-paragraph\">Pieve a Maiano -Montarfoni &#8211; S. Martino in Poggio &#8211; Civitella in Val di Chiana.<\/p>\n\n\n\n<p class=\"wp-block-paragraph\">Percorso: circa 25 km fino a Civitella, da percorrere in auto, in una giornata.<\/p>\n\n\n\n<p class=\"wp-block-paragraph\">L&#8217;itinerario inizia da <strong>Pieve a Maiano, <\/strong>ai confini del comune di Arezzo. II centro fu abitato in epoca romana, come testimoniano ritrovamenti di ceramiche del I e II secolo d.C., nonch\u00e9 i ruderi di una fornace in localit\u00e0 Bosco di Vallimboi. La pieve che ha dato nome al paese, ricordata fin dal XII secolo, \u00e8 attualmente scomparsa. La Chiesa di S. Maria Assunta, ove ancora si trova collocata una campana del 1358 proveniente da Montoto, risale al XIX secolo. La colonica del podere Spedaluccio \u00e8 tutto ci\u00f2 che resta di un antico ospizio per viandanti, documentato fin dal 1198.<br>Rientrati sulla statale 69, dopo appena 50 metri, si entra nella strada asfaltata<br>denominata via della Centrale. Lungo questa strada troviamo i poderi <strong>Montoto I<\/strong> e <strong>Montoto II.<\/strong><br>Il gruppo di case coloniche che possiamo ammirare \u00e8 ci\u00f2 che rimane di un<br>fortilizio longobardo (VII- VIII secc.) posto a presidio di due guadi sull&#8217;Arno (denominati Ariccia e Roggio di Montoto), che pass\u00f2 dal dominio di Arezzo a quello di Firenze nel 1385. All&#8217;interno del castello, fin dal 1039, era presente la Chiesa di S. Giovanni battista e S. Martino, attualmente scomparsa. Proseguendo si trova l&#8217;Oasi di protezione della diga della Penna. Il Castello di <strong>Montarfoni <\/strong>venne aggregato al <br>Comune di Civitella nel 1774; dell&#8217;antico castello restano la porta di accesso e alcuni tratti della cortina muraria. Si pu\u00f2 visitare la Chiesa di S. Andrea pi\u00f9 volte rimaneggiata. Proseguendo si arriva a <strong>S. Martino in Poggio, <\/strong>a quota 540 m, che conserva la Chiesa dei Santi Maria e Carlo, edificata nel 1690 e ampliata nel secolo successivo. Seguendo il sentiero 107 del CAI si giunge all&#8217;Oratorio della Madonna di Mercatale; da qui si prosegue per Civitella.<\/p>\n\n\n\n<p class=\"wp-block-paragraph\"><\/p>\n<\/div>\n\n\n\n<div class=\"wp-block-column is-layout-flow wp-block-column-is-layout-flow\">\n<figure class=\"wp-block-image size-full\"><img width=\"972\" height=\"612\" decoding=\"async\" loading=\"lazy\" src=\"https:\/\/www.presepeoliveto.it\/wp-content\/uploads\/2024\/11\/image-22.png\" alt=\"\" class=\"wp-image-323\" srcset=\"https:\/\/www.presepeoliveto.it\/wp-content\/uploads\/2024\/11\/image-22.png 972w, https:\/\/www.presepeoliveto.it\/wp-content\/uploads\/2024\/11\/image-22-300x189.png 300w, https:\/\/www.presepeoliveto.it\/wp-content\/uploads\/2024\/11\/image-22-768x484.png 768w, https:\/\/www.presepeoliveto.it\/wp-content\/uploads\/2024\/11\/image-22-600x378.png 600w\" sizes=\"auto, (max-width: 767px) 89vw, (max-width: 1000px) 54vw, (max-width: 1071px) 543px, 580px\" \/><\/figure>\n\n\n\n<p class=\"wp-block-paragraph\"><em>S. Martino in Poggio, Chiesa dei Santi Maria e Carlo.<\/em><\/p>\n<\/div>\n<\/div>","protected":false},"excerpt":{"rendered":"<p>Il caratteristico borgo \u00e8 ubicato sul versante meridionale della collina che dal poggio di Civitella si protende verso sud-est tra i torrenti Leprone e Gargaiolo. L&#8217;antico Castello di Oliveto, possesso dei Sassoli e degli Ubertini, venne distrutto dal vescovo Guido Tarlati nel 1318. La cinta muraria del nuovo castello risale alla met\u00e0 del XIV secolo &hellip; <\/p>\n<p class=\"link-more\"><a href=\"https:\/\/www.presepeoliveto.it\/en\/storia-di-oliveto-2\/\" class=\"more-link\">Continue reading<span class=\"screen-reader-text\"> &#8220;Storia di Oliveto&#8221;<\/span><\/a><\/p>","protected":false},"author":1,"featured_media":0,"parent":0,"menu_order":0,"comment_status":"closed","ping_status":"closed","template":"","meta":{"ngg_post_thumbnail":0,"footnotes":""},"class_list":["post-70","page","type-page","status-publish","hentry"],"featured_media_urls":[],"_links":{"self":[{"href":"https:\/\/www.presepeoliveto.it\/en\/wp-json\/wp\/v2\/pages\/70","targetHints":{"allow":["GET"]}}],"collection":[{"href":"https:\/\/www.presepeoliveto.it\/en\/wp-json\/wp\/v2\/pages"}],"about":[{"href":"https:\/\/www.presepeoliveto.it\/en\/wp-json\/wp\/v2\/types\/page"}],"author":[{"embeddable":true,"href":"https:\/\/www.presepeoliveto.it\/en\/wp-json\/wp\/v2\/users\/1"}],"replies":[{"embeddable":true,"href":"https:\/\/www.presepeoliveto.it\/en\/wp-json\/wp\/v2\/comments?post=70"}],"version-history":[{"count":31,"href":"https:\/\/www.presepeoliveto.it\/en\/wp-json\/wp\/v2\/pages\/70\/revisions"}],"predecessor-version":[{"id":370,"href":"https:\/\/www.presepeoliveto.it\/en\/wp-json\/wp\/v2\/pages\/70\/revisions\/370"}],"wp:attachment":[{"href":"https:\/\/www.presepeoliveto.it\/en\/wp-json\/wp\/v2\/media?parent=70"}],"curies":[{"name":"wp","href":"https:\/\/api.w.org\/{rel}","templated":true}]}}